{"id":56,"date":"2025-02-06T11:18:15","date_gmt":"2025-02-06T10:18:15","guid":{"rendered":"https:\/\/onetux.ddns.net\/?page_id=56"},"modified":"2025-02-06T17:25:32","modified_gmt":"2025-02-06T16:25:32","slug":"test-lelek-elme-szellem-tudatossaga","status":"publish","type":"page","link":"https:\/\/onetux.ddns.net\/","title":{"rendered":"Test, l\u00e9lek, elme, szellem, tudatoss\u00e1ga"},"content":{"rendered":"\n<h2 class=\"wp-block-heading\">Csontkov\u00e1csol\u00e1s<\/h2>\n\n\n\n<figure class=\"wp-block-image size-large\"><img loading=\"lazy\" decoding=\"async\" width=\"1024\" height=\"646\" src=\"https:\/\/onetux.ddns.net\/wp-content\/uploads\/2025\/02\/enhanced_image-1024x646.png\" alt=\"\" class=\"wp-image-60\" srcset=\"https:\/\/onetux.ddns.net\/wp-content\/uploads\/2025\/02\/enhanced_image-1024x646.png 1024w, https:\/\/onetux.ddns.net\/wp-content\/uploads\/2025\/02\/enhanced_image-300x189.png 300w, https:\/\/onetux.ddns.net\/wp-content\/uploads\/2025\/02\/enhanced_image-768x484.png 768w, https:\/\/onetux.ddns.net\/wp-content\/uploads\/2025\/02\/enhanced_image.png 1396w\" sizes=\"auto, (max-width: 1024px) 100vw, 1024px\" \/><\/figure>\n\n\n\n<p><br>Az ember biol\u00f3giai fel\u00e9p\u00edt\u00e9s\u00e9b\u0151l ad\u00f3d\u00f3an gerinc\u00fcnk \u00e1llapota minden r\u00e9sz\u00fcnkre kiterjed, vagyis nincs olyan betegs\u00e9g amelynek kialakul\u00e1s\u00e1t ne a gerinc elv\u00e1ltoz\u00e1sa seg\u00edten\u00e9 el\u0151. A gerinc massz\u00e1zs olyan gy\u00f3gy\u00edt\u00f3 \u00e9s eg\u00e9szs\u00e9g meg\u0151rz\u0151 elj\u00e1r\u00e1s amelyet a kez\u00fcnkkel v\u00e9gz\u00fcnk, a test fel\u00fclet\u00e9n meghat\u00e1rozott fog\u00e1sokkal. Ezek seg\u00edts\u00e9g\u00e9vel vissza\u00e1ll\u00edtjuk a szervezet energi\u00e1inak akad\u00e1ly mentes \u00e1raml\u00e1s\u00e1t , amellyel a szervezetben gy\u00f3gy\u00edt\u00f3 hat\u00e1st lehet kiv\u00e1ltani. A k\u00e9zzel v\u00e9gzett massz\u00e1zs nem helyettes\u00edthet\u0151 massz\u00edroz\u00f3 g\u00e9pekkel \u00e9s gy\u00f3gyeszk\u00f6z\u00f6kkel. A gerinc massz\u00e1zsal az eg\u00e9sz embert kezelj\u00fck \u00e9s ez \u00e1ltal a test-l\u00e9lek harm\u00f3nikus \u00e1llapota vissza\u00e1ll\u00edthat\u00f3.<\/p>\n\n\n\n<h3 class=\"wp-block-heading\"><strong>N\u00e9zz\u00fck, hogy a csontkov\u00e1cs milyen panaszok eset\u00e9n aj\u00e1nlott:<\/strong><\/h3>\n\n\n\n<ul class=\"wp-block-list\">\n<li>Nyaki merevs\u00e9g, nyakf\u00e1jdalom<\/li>\n\n\n\n<li>H\u00e1t- \u00e9s der\u00e9kf\u00e1j\u00e1s<\/li>\n\n\n\n<li>Cs\u00edp\u0151- \u00e9s t\u00e9rd\u00edz\u00fcleti f\u00e1jdalmak<\/li>\n\n\n\n<li>Egy\u00e9b izomf\u00e1jdalom \u00e9s izommerevs\u00e9g<\/li>\n\n\n\n<li>Lumb\u00e1g\u00f3<\/li>\n\n\n\n<li>Porckorongs\u00e9rv<\/li>\n\n\n\n<li>\u00cdz\u00fcleti kop\u00e1sok meg\u00e1ll\u00edt\u00e1s\u00e1ra \u00e9s megel\u0151z\u00e9s\u00e9re<\/li>\n\n\n\n<li>Gerincferd\u00fcl\u00e9s<\/li>\n\n\n\n<li>Karba \u00e9s l\u00e1bba sug\u00e1rz\u00f3 f\u00e1jdalom, zsibbad\u00e1s<\/li>\n\n\n\n<li>Migr\u00e9n, fejf\u00e1j\u00e1s, sz\u00e9d\u00fcl\u00e9s, f\u00fclz\u00fag\u00e1s<\/li>\n<\/ul>\n\n\n\n<p>\u00c9n azonban nemcsak egy adott probl\u00e9m\u00e1ra, hanem a test eg\u00e9sz\u00e9re koncentr\u00e1lok. A testet, mint egy \u00f6sszef\u00fcgg\u0151 rendszert n\u00e9zem, \u00e9s arra t\u00f6rekszem, hogy term\u00e9szetes m\u00f3dszerekkel el\u0151seg\u00edtsem annak \u00f6ngy\u00f3gy\u00edt\u00f3 folyamat\u00e1t. Ugyanis a t\u00falfesz\u00edtett izmok vagy a blokkolt, betokosodott \u00edz\u00fcletek nemcsak az idegrendszer szab\u00e1lyos m\u0171k\u00f6d\u00e9s\u00e9t akad\u00e1lyozz\u00e1k, hanem a v\u00e9rkering\u00e9s norm\u00e1lis m\u0171k\u00f6d\u00e9s\u00e9t is g\u00e1tolj\u00e1k, ami k\u00e9s\u0151bb s\u00falyosabb betegs\u00e9gekhez is vezethet.<\/p>\n\n\n\n<p>Holisztikus szeml\u00e9letemnek k\u00f6sz\u00f6nhet\u0151en azonban nemcsak a test, hanem a l\u00e9lek eg\u00e9szs\u00e9g\u00e9vel is foglalkozom, mert hiszem, hogy a legt\u00f6bb testi probl\u00e9ma kiv\u00e1lt\u00f3 oka valamilyen lelki s\u00e9r\u00fcl\u00e9s, probl\u00e9ma megl\u00e9te. Azonban rendszeres ter\u00e1pi\u00e1val ezek a blokkok is folyamatosan old\u00f3dnak, \u00edgy sikeresen tudok a test \u00e9s l\u00e9lek harm\u00f3ni\u00e1j\u00e1nak vissza\u00e1ll\u00edt\u00e1sban seg\u00edteni. De term\u00e9szetesen ennek a folyamatos fenntart\u00e1s\u00e1hoz a p\u00e1ciens maga is kell azzal, hogy egy eg\u00e9szs\u00e9gtudatosabb \u00e9s stresszmentesebb \u00e9let mellett teszi le a voks\u00e1t.<\/p>\n\n\n\n<h3 class=\"wp-block-heading\"><strong>A kezel\u00e9s ellenjavallatai<\/strong><\/h3>\n\n\n\n<ul class=\"wp-block-list\">\n<li>heveny traum\u00e1s, gyullad\u00e1sos \u00e9s fert\u0151z\u0151 \u00e1llapotok<\/li>\n\n\n\n<li>egyes daganatos megbeteged\u00e9sek<\/li>\n\n\n\n<li>bizonyos agyi v\u00e9rell\u00e1t\u00e1si zavarok<\/li>\n\n\n\n<li>v\u00e9rz\u00e9kenys\u00e9g<\/li>\n\n\n\n<li>v\u00e1rand\u00f3ss\u00e1g eset\u00e9n, egyes technik\u00e1k ellenjavaltak<\/li>\n<\/ul>\n\n\n\n<h3 class=\"wp-block-heading\"><strong>A kezel\u00e9shez sz\u00fcks\u00e9ges \u00f6lt\u00f6zet<\/strong><\/h3>\n\n\n\n<p>A vizsg\u00e1lat \u00e9s a kezel\u00e9s, a nyugati szeml\u00e9let\u0171 manu\u00e1lter\u00e1pi\u00e1khoz hasonl\u00f3an, k\u00e9nyelmes pamut feh\u00e9rnem\u0171ben t\u00f6rt\u00e9nik. R\u00f6vid shortot lehet hozni. A sportmelltart\u00f3, tr\u00e9ning- \u00e9s egy\u00e9b szabadid\u0151ruha eltakarja a gerincet, medenc\u00e9t, \u00edgy ebben nem tudom megvizsg\u00e1lni. K\u00e9rem ezek haszn\u00e1lat\u00e1t mell\u0151zni!<\/p>\n\n\n\n<h2 class=\"wp-block-heading\"><strong>Eg\u00e9szs\u00e9g\u00e1llapot felm\u00e9r\u00e9s<\/strong><\/h2>\n\n\n\n<figure class=\"wp-block-image size-full\"><img loading=\"lazy\" decoding=\"async\" width=\"718\" height=\"632\" src=\"https:\/\/onetux.ddns.net\/wp-content\/uploads\/2025\/02\/Nls.jpg\" alt=\"\" class=\"wp-image-61\" srcset=\"https:\/\/onetux.ddns.net\/wp-content\/uploads\/2025\/02\/Nls.jpg 718w, https:\/\/onetux.ddns.net\/wp-content\/uploads\/2025\/02\/Nls-300x264.jpg 300w\" sizes=\"auto, (max-width: 718px) 100vw, 718px\" \/><\/figure>\n\n\n\n<p>\u00daj bioinform\u00e1ci\u00f3s NLS (Non Linear System ) technol\u00f3gi\u00e1n alapul\u00f3 Biophilia k\u00e9sz\u00fcl\u00e9kkel.<\/p>\n\n\n\n<h3 class=\"wp-block-heading\">A kezel\u00e9s:<\/h3>\n\n\n\n<ul class=\"wp-block-list\">\n<li>f\u00e1jdalommentes<\/li>\n\n\n\n<li>gyors<\/li>\n\n\n\n<li>eg\u00e9sz testre kiterjed\u0151<\/li>\n\n\n\n<li>k\u00f3rokoz\u00f3k (gomb\u00e1k, bakt\u00e9riumok \u00e9s virusok sz\u00e1zainak azonos\u00edt\u00e1sa \u00e9s \u00edrt\u00e1sa)<\/li>\n\n\n\n<li>neh\u00e9zf\u00e9mek, allerg\u00e9nek, toxikus anyagok felt\u00e1r\u00e1sa<\/li>\n\n\n\n<li>vitaminok aj\u00e1nl\u00e1sa<\/li>\n\n\n\n<li>agy-b\u00e9lrendszer \u00f6sszef\u00fcgg\u00e9seinek megmutat\u00e1sa<\/li>\n\n\n\n<li>\u00e9trend v\u00e1ltoztat\u00e1si javaslatok<\/li>\n\n\n\n<li>\u00e9rzelmi m\u00e1trix elemz\u00e9s.<\/li>\n<\/ul>\n\n\n\n<p>A visszakezel\u00e9s biofeedback technol\u00f3gi\u00e1val az \u00f6ngy\u00f3gy\u00edt\u00f3 folyamatok automatikus beind\u00edt\u00e1s\u00e1val t\u00f6rt\u00e9nik.<\/p>\n\n\n\n<h2 class=\"wp-block-heading\">Tudati gy\u00f3gy\u00e1szat<\/h2>\n\n\n\n<p>K\u00f6ztudottan minden betegs\u00e9g lelki eredet\u0171. A tudati gy\u00f3gy\u00e1szat nem energetikai gy\u00f3gy\u00e1szat. A kezel\u00e9s l\u00e9nyege a traum\u00e1k kiold\u00e1sa, a szervezet egyens\u00falyba hoz\u00e1sa. A test kezel\u00e9se ut\u00e1n (csontkov\u00e1csol\u00e1s ) a l\u00e9lek \u00e9s az elme szintj\u00e9n is a bels\u0151 csend \u00e1llapot\u00e1nak el\u00e9r\u00e9se, a blokkok old\u00e1sa a c\u00e9l. A beteg saj\u00e1t mag\u00e1t hozza gy\u00f3gyul\u00e1sba hat\u00e9kony seg\u00edts\u00e9gemmel. Ennek a m\u00f3dszernek j\u00f3 seg\u00edt\u0151je az NLS k\u00e9sz\u00fcl\u00e9k!<\/p>\n\n\n\n<h3 class=\"wp-block-heading\">Tartalma:<\/h3>\n\n\n\n<ul class=\"wp-block-list\">\n<li>\u0151si tud\u00e1son alapul\u00f3 \u00e9rint\u00e9s n\u00e9lk\u00fcli gy\u00f3gy\u00edt\u00f3 technika<\/li>\n\n\n\n<li>aura tiszt\u00edt\u00e1s, csakra harm\u00f3niz\u00e1ci\u00f3<\/li>\n\n\n\n<li>energia blokkok felold\u00e1sa<\/li>\n\n\n\n<li>a szervezet saj\u00e1t \u00e1raml\u00e1sainak helyre \u00e1ll\u00edt\u00e1sa<\/li>\n\n\n\n<li>az \u00f6ngy\u00f3gy\u00edt\u00f3 folyamatok stimul\u00e1l\u00e1sa<\/li>\n\n\n\n<li>mantr\u00e1k, medit\u00e1ci\u00f3s- \u00e9s l\u00e9gz\u0151 gyakorlatok v\u00e9gz\u00e9se<\/li>\n\n\n\n<li>bels\u0151 csend \u00e1llapot\u00e1nak el\u00e9r\u00e9se, \u00e9s meg\u00e9l\u00e9se<\/li>\n\n\n\n<li>old\u00e1sok<\/li>\n<\/ul>\n\n\n\n<figure class=\"wp-block-image size-large\"><img loading=\"lazy\" decoding=\"async\" width=\"936\" height=\"1024\" src=\"https:\/\/onetux.ddns.net\/wp-content\/uploads\/2025\/02\/Chakrayoga-936x1024.jpg\" alt=\"\" class=\"wp-image-62\" srcset=\"https:\/\/onetux.ddns.net\/wp-content\/uploads\/2025\/02\/Chakrayoga-936x1024.jpg 936w, https:\/\/onetux.ddns.net\/wp-content\/uploads\/2025\/02\/Chakrayoga-274x300.jpg 274w, https:\/\/onetux.ddns.net\/wp-content\/uploads\/2025\/02\/Chakrayoga-768x840.jpg 768w, https:\/\/onetux.ddns.net\/wp-content\/uploads\/2025\/02\/Chakrayoga-1404x1536.jpg 1404w, https:\/\/onetux.ddns.net\/wp-content\/uploads\/2025\/02\/Chakrayoga.jpg 1440w\" sizes=\"auto, (max-width: 936px) 100vw, 936px\" \/><\/figure>\n\n\n\n<h2 class=\"wp-block-heading\">Radieszt\u00e9zia<\/h2>\n\n\n\n<p>A radieszt\u00e9zia magyarul a sug\u00e1rz\u00e1s \u00e9rz\u00e9kel\u00e9s a l\u00e1thatatlan jelens\u00e9gek,sug\u00e1rz\u00e1sok, rezg\u00e9sek, inform\u00e1ci\u00f3k, gondolatok, energi\u00e1k \u00e1raml\u00e1s\u00e1nak \u00e9s \u00e9rz\u00e9kel\u00e9s\u00e9nek tudom\u00e1nya. Test\u00fcnk minden sejtj\u00e9t, r\u00e9szecsk\u00e9j\u00e9t energia \u00e1raml\u00e1s vez\u00e9rli, mindennapjaik sor\u00e1n folyamatosan hatnak r\u00e1nk a k\u00fcl\u00f6nb\u00f6z\u0151 energia rendszerek mint p\u00e9ld\u00e1ul a negat\u00edv f\u00f6ldsug\u00e1rz\u00e1sok. Ha az \u00e1gyunk ilyen f\u00f6ldsug\u00e1rz\u00e1s illetve v\u00edz\u00e9r f\u00f6l\u00f6tt van \u2013 s\u00e9r\u00fcl a testet k\u00f6r\u00fclv\u00e9v\u0151 energia burok az aura, aminek hat\u00e1s\u00e1ra k\u00fcl\u00f6nb\u00f6z\u0151 betegs\u00e9gek alakulhatnak ki. P\u00e9ld\u00e1ul sokiz\u00fcleti gyullad\u00e1sok, gerinc deform\u00e1ci\u00f3, Parkinson k\u00f3r stb. A k\u00e1ros sug\u00e1rz\u00e1sok \u00e9pp\u00fagy hatnak a f\u00f6ldszinten mint a huszadik emeleten.Elh\u00e1r\u00edt\u00e1sukkal sokan pr\u00f3b\u00e1lkoznak a legk\u00fcl\u00f6nbf\u00e9le eszk\u00f6z\u00f6kkel, de m\u00e9rhet\u0151 eredm\u00e9nyt senki sem tudott produk\u00e1lni. A radieszt\u00e9zia seg\u00edts\u00e9g\u00e9vel kim\u00e9rem hova c\u00e9lszer\u0171 helyezni a fekhelyet, hogy a h\u00e1z\u00e1ban , lak\u00e1s\u00e1ban ezeket a k\u00e1ros hat\u00e1sokat \u00e9s azok \u00e1ltal okozott betegs\u00e9geket elker\u00fclje !<\/p>\n\n\n\n<figure class=\"wp-block-image size-full\"><img loading=\"lazy\" decoding=\"async\" width=\"878\" height=\"450\" src=\"https:\/\/onetux.ddns.net\/wp-content\/uploads\/2025\/02\/radiestezia.png\" alt=\"\" class=\"wp-image-63\" srcset=\"https:\/\/onetux.ddns.net\/wp-content\/uploads\/2025\/02\/radiestezia.png 878w, https:\/\/onetux.ddns.net\/wp-content\/uploads\/2025\/02\/radiestezia-300x154.png 300w, https:\/\/onetux.ddns.net\/wp-content\/uploads\/2025\/02\/radiestezia-768x394.png 768w\" sizes=\"auto, (max-width: 878px) 100vw, 878px\" \/><\/figure>\n\n\n\n<h2 class=\"wp-block-heading\">K\u00f6p\u00f6ly\u00f6z\u00e9s:<\/h2>\n\n\n\n<h3 class=\"wp-block-heading\"><strong>Mi az a k\u00f6p\u00f6ly\u00f6z\u00e9s? Mire j\u00f3 ez a m\u00f3dszer?<\/strong><\/h3>\n\n\n\n<p>A k\u00ednai medicin\u00e1ban a k\u00f6p\u00f6ly\u00f6z\u00e9ssel a test energia\u00e1raml\u00e1s\u00e1t, \u00e9s a cs\u00ed \u00e1raml\u00e1s\u00e1t k\u00edv\u00e1nj\u00e1k befoly\u00e1solni. Ha valakin\u00e9l az \u00e1raml\u00e1s blokkolva van vagy pang, elakadt, akkor a k\u00f6p\u00f6ly\u00f6z\u00e9s seg\u00edt annak elind\u00edt\u00e1s\u00e1ban. A nyugati hagyom\u00e1nyos orvosl\u00e1sban ezt a m\u00f3dszert az izmok kezel\u00e9s\u00e9re \u00e9s a v\u00e9r\u00e1ram felpezsd\u00edt\u00e9s\u00e9re haszn\u00e1lj\u00e1k.<\/p>\n\n\n\n<p>A cs\u00e9sze sz\u00edv\u00f3hat\u00e1st gyakorol a b\u0151rre, a benne l\u00e9v\u0151 v\u00e9red\u00e9nyekre \u00e9s mag\u00e1ra a v\u00e9rre is. Ennek a helye l\u00e1tszik meg a testen, miut\u00e1n levessz\u00fck ezeket a cs\u00e9sz\u00e9ket. A m\u00f3dszer eredm\u00e9nyess\u00e9ge az extr\u00e9m lok\u00e1lis v\u00e9rb\u0151s\u00e9g gerjeszt\u00e9s\u00e9ben rejlik. Olyan m\u00e9lyen fekv\u0151 izomfel\u00fcletekre is hat\u00e1st gyakorol, amit m\u00e1s technik\u00e1val nem, vagy alig lehet el\u00e9rni.<\/p>\n\n\n\n<figure class=\"wp-block-image size-large\"><img loading=\"lazy\" decoding=\"async\" width=\"1024\" height=\"682\" src=\"https:\/\/onetux.ddns.net\/wp-content\/uploads\/2025\/02\/cupping-therapy-6604217_1280-1024x682.jpg\" alt=\"\" class=\"wp-image-64\" srcset=\"https:\/\/onetux.ddns.net\/wp-content\/uploads\/2025\/02\/cupping-therapy-6604217_1280-1024x682.jpg 1024w, https:\/\/onetux.ddns.net\/wp-content\/uploads\/2025\/02\/cupping-therapy-6604217_1280-300x200.jpg 300w, https:\/\/onetux.ddns.net\/wp-content\/uploads\/2025\/02\/cupping-therapy-6604217_1280-768x512.jpg 768w, https:\/\/onetux.ddns.net\/wp-content\/uploads\/2025\/02\/cupping-therapy-6604217_1280.jpg 1280w\" sizes=\"auto, (max-width: 1024px) 100vw, 1024px\" \/><\/figure>\n\n\n\n<h2 class=\"wp-block-heading\"><strong>Halottak itt maradt szellem\u00e9nek elenged\u00e9se \u00e9s gy\u00e1szfeldolgoz\u00e1s<\/strong><\/h2>\n\n\n\n<p>\u00dagy \u00e9rzed, hogy elvesz\u00edtett szeretted itt maradt veled? Halottaink szellem\u00e9nek \u00fatj\u00e1r\u00f3l \u0151si tudom\u00e1nyok sz\u00f3lnak. Ezen tan\u00edt\u00e1sok szerint halottaink lelk\u00e9nek, szellem\u00e9nek megvan a kijel\u00f6lt \u00e9gi helye. \u00c9n abban seg\u00edtek,hogy mindenki a hely\u00e9re ker\u00fclj\u00f6n. A gy\u00e1szol\u00f3k az elvesz\u00edtett szeretteiket elengedj\u00e9k hogy azok felszabaduljanak \u00e9s \u00fajra lesz\u00fclethessenek a F\u00f6ldre.<\/p>\n\n\n\n<figure class=\"wp-block-image size-large\"><img loading=\"lazy\" decoding=\"async\" width=\"1024\" height=\"682\" src=\"https:\/\/onetux.ddns.net\/wp-content\/uploads\/2025\/02\/rose-4871606_1280-1024x682.jpg\" alt=\"\" class=\"wp-image-67\" srcset=\"https:\/\/onetux.ddns.net\/wp-content\/uploads\/2025\/02\/rose-4871606_1280-1024x682.jpg 1024w, https:\/\/onetux.ddns.net\/wp-content\/uploads\/2025\/02\/rose-4871606_1280-300x200.jpg 300w, https:\/\/onetux.ddns.net\/wp-content\/uploads\/2025\/02\/rose-4871606_1280-768x512.jpg 768w, https:\/\/onetux.ddns.net\/wp-content\/uploads\/2025\/02\/rose-4871606_1280.jpg 1280w\" sizes=\"auto, (max-width: 1024px) 100vw, 1024px\" \/><\/figure>\n\n\n\n<h2 class=\"wp-block-heading\">El\u00e9rhet\u0151s\u00e9gek<\/h2>\n\n\n\n<p><img loading=\"lazy\" decoding=\"async\" width=\"30\" height=\"30\" class=\"wp-image-85\" style=\"width: 30px;\" src=\"https:\/\/onetux.ddns.net\/wp-content\/uploads\/2025\/02\/phone-call.png\" alt=\"\" srcset=\"https:\/\/onetux.ddns.net\/wp-content\/uploads\/2025\/02\/phone-call.png 512w, https:\/\/onetux.ddns.net\/wp-content\/uploads\/2025\/02\/phone-call-300x300.png 300w, https:\/\/onetux.ddns.net\/wp-content\/uploads\/2025\/02\/phone-call-150x150.png 150w\" sizes=\"auto, (max-width: 30px) 100vw, 30px\" \/> +36-30\/528-20-81<br><img loading=\"lazy\" decoding=\"async\" width=\"30\" height=\"30\" class=\"wp-image-84\" style=\"width: 30px;\" src=\"https:\/\/onetux.ddns.net\/wp-content\/uploads\/2025\/02\/email.png\" alt=\"\" srcset=\"https:\/\/onetux.ddns.net\/wp-content\/uploads\/2025\/02\/email.png 512w, https:\/\/onetux.ddns.net\/wp-content\/uploads\/2025\/02\/email-300x300.png 300w, https:\/\/onetux.ddns.net\/wp-content\/uploads\/2025\/02\/email-150x150.png 150w\" sizes=\"auto, (max-width: 30px) 100vw, 30px\" \/> santazoli70@gmail.com<br><img loading=\"lazy\" decoding=\"async\" width=\"30\" height=\"30\" class=\"wp-image-86\" style=\"width: 30px;\" src=\"https:\/\/onetux.ddns.net\/wp-content\/uploads\/2025\/02\/maps-and-flags.png\" alt=\"\" srcset=\"https:\/\/onetux.ddns.net\/wp-content\/uploads\/2025\/02\/maps-and-flags.png 512w, https:\/\/onetux.ddns.net\/wp-content\/uploads\/2025\/02\/maps-and-flags-300x300.png 300w, https:\/\/onetux.ddns.net\/wp-content\/uploads\/2025\/02\/maps-and-flags-150x150.png 150w\" sizes=\"auto, (max-width: 30px) 100vw, 30px\" \/> 5622 K\u00f6r\u00f6starcsa \u00c1rp\u00e1d t\u00e9r 5.<\/p>\n\n\n\n<div style=\"text-align: center;\">\n    <iframe loading=\"lazy\" width=\"800\" height=\"600\" \n        src=\"https:\/\/www.openstreetmap.org\/export\/embed.html?bbox=21.028615236282352%2C46.880754038756194%2C21.03215575218201%2C46.882338021846536&amp;layer=mapnik&amp;marker=46.88154603614702%2C21.030385494232178\" \n        style=\"border: 1px solid black;\"><\/iframe>\n<\/div>\n\n\n\n<p><small><a href=\"https:\/\/www.openstreetmap.org\/?mlat=46.881546&amp;mlon=21.030385#map=19\/46.881546\/21.030385\">Nagyobb t\u00e9rk\u00e9p<\/a><\/small><\/p>\n\n\n\n<ul class=\"wp-block-social-links is-layout-flex wp-block-social-links-is-layout-flex\"><li class=\"wp-social-link wp-social-link-facebook  wp-block-social-link\"><a href=\"https:\/\/www.facebook.com\/zoltan.santa.100\" class=\"wp-block-social-link-anchor\"><svg width=\"24\" height=\"24\" viewBox=\"0 0 24 24\" version=\"1.1\" xmlns=\"http:\/\/www.w3.org\/2000\/svg\" aria-hidden=\"true\" focusable=\"false\"><path d=\"M12 2C6.5 2 2 6.5 2 12c0 5 3.7 9.1 8.4 9.9v-7H7.9V12h2.5V9.8c0-2.5 1.5-3.9 3.8-3.9 1.1 0 2.2.2 2.2.2v2.5h-1.3c-1.2 0-1.6.8-1.6 1.6V12h2.8l-.4 2.9h-2.3v7C18.3 21.1 22 17 22 12c0-5.5-4.5-10-10-10z\"><\/path><\/svg><span class=\"wp-block-social-link-label screen-reader-text\">Facebook<\/span><\/a><\/li><\/ul>\n\n\n\n<p><\/p>\n","protected":false},"excerpt":{"rendered":"<p>Csontkov\u00e1csol\u00e1s Az ember biol\u00f3giai fel\u00e9p\u00edt\u00e9s\u00e9b\u0151l ad\u00f3d\u00f3an gerinc\u00fcnk \u00e1llapota minden r\u00e9sz\u00fcnkre kiterjed, vagyis nincs olyan betegs\u00e9g amelynek kialakul\u00e1s\u00e1t ne a gerinc elv\u00e1ltoz\u00e1sa seg\u00edten\u00e9 el\u0151. A gerinc massz\u00e1zs olyan gy\u00f3gy\u00edt\u00f3 \u00e9s eg\u00e9szs\u00e9g meg\u0151rz\u0151 elj\u00e1r\u00e1s amelyet a kez\u00fcnkkel v\u00e9gz\u00fcnk, a test fel\u00fclet\u00e9n meghat\u00e1rozott fog\u00e1sokkal. Ezek seg\u00edts\u00e9g\u00e9vel vissza\u00e1ll\u00edtjuk a szervezet energi\u00e1inak akad\u00e1ly mentes \u00e1raml\u00e1s\u00e1t , amellyel a szervezetben gy\u00f3gy\u00edt\u00f3&hellip; <a class=\"more-link\" href=\"https:\/\/onetux.ddns.net\/\"><span class=\"screen-reader-text\">Test, l\u00e9lek, elme, szellem, tudatoss\u00e1ga<\/span> olvas\u00e1s\u00e1nak folytat\u00e1sa<\/a><\/p>\n","protected":false},"author":1,"featured_media":0,"parent":0,"menu_order":0,"comment_status":"closed","ping_status":"closed","template":"","meta":{"footnotes":""},"class_list":["post-56","page","type-page","status-publish","hentry","entry"],"_links":{"self":[{"href":"https:\/\/onetux.ddns.net\/index.php?rest_route=\/wp\/v2\/pages\/56","targetHints":{"allow":["GET"]}}],"collection":[{"href":"https:\/\/onetux.ddns.net\/index.php?rest_route=\/wp\/v2\/pages"}],"about":[{"href":"https:\/\/onetux.ddns.net\/index.php?rest_route=\/wp\/v2\/types\/page"}],"author":[{"embeddable":true,"href":"https:\/\/onetux.ddns.net\/index.php?rest_route=\/wp\/v2\/users\/1"}],"replies":[{"embeddable":true,"href":"https:\/\/onetux.ddns.net\/index.php?rest_route=%2Fwp%2Fv2%2Fcomments&post=56"}],"version-history":[{"count":15,"href":"https:\/\/onetux.ddns.net\/index.php?rest_route=\/wp\/v2\/pages\/56\/revisions"}],"predecessor-version":[{"id":89,"href":"https:\/\/onetux.ddns.net\/index.php?rest_route=\/wp\/v2\/pages\/56\/revisions\/89"}],"wp:attachment":[{"href":"https:\/\/onetux.ddns.net\/index.php?rest_route=%2Fwp%2Fv2%2Fmedia&parent=56"}],"curies":[{"name":"wp","href":"https:\/\/api.w.org\/{rel}","templated":true}]}}